{"id":3,"date":"2021-08-24T14:50:27","date_gmt":"2021-08-24T12:50:27","guid":{"rendered":"https:\/\/villadefabris.it\/?page_id=3"},"modified":"2022-09-09T07:51:19","modified_gmt":"2022-09-09T05:51:19","slug":"privacy-e-cookie-policy","status":"publish","type":"page","link":"https:\/\/villadefabris.it\/en\/privacy-e-cookie-policy\/","title":{"rendered":"Privacy e Cookie policy"},"content":{"rendered":"<div class=\"vc_row wpb_row vc_row-fluid vc_custom_1643202453415\"><div class=\"wpb_column vc_column_container vc_col-sm-12\"><div class=\"vc_column-inner\"><div class=\"wpb_wrapper\">\n\t<div class=\"wpb_text_column wpb_content_element\" >\n\t\t<div class=\"wpb_wrapper\">\n\t\t\t<p><strong>INFORMATIVA AI SENSI DEGLI ART. 13-14 DEL GDPR (GENERAL DATA PROTECTION REGULATION) 2016\/679<\/strong><\/p>\n<p>Villa Marchese De\u2019 Fabris Titolare del Trattamento, ti informa che che i tuoi dati saranno trattati con le modalit\u00e0 e per le finalit\u00e0 di seguito indicate.<\/p>\n<p>Il Titolare si impegna a tutelare la privacy e la riservatezza dei Dati Personali nel rispetto ai principi di correttezza, liceit\u00e0, trasparenza e di tutela dei tuoi diritti<\/p>\n<p><strong>1) TIPOLOGIA DI DATI TRATTATI<\/strong><\/p>\n<p>Trattiamo dati personali comunicati da te\u00a0(nome, email, ragione sociale, telefono, ecc) in occasione di richieste inviate in maniera spontanea e dati che vengono raccolti autonomamente dal sito web.<\/p>\n<ul>\n<li><strong>Dati da te forniti<\/strong>:\u00a0 dati personali, identificativi e non sensibili da te comunicati per effettuare richieste via posta elettronica, attraverso il form di contatto o telefonicamente sui nostri prodotti\/servizi<\/li>\n<li><strong>Dati che raccogliamo automaticamente<\/strong>:\u00a0dati anonimi raccolti utilizzando i cookie o tecnologie similari: per ulteriori informazioni, visiona la\u00a0<a href=\"#cookie\"><strong>Cookie Policy <\/strong><\/a>pi\u00f9 in basso.<\/li>\n<\/ul>\n<p><strong>N.B.<\/strong>: Gli utenti con meno di 16 anni non possono fornire alcun dato personale senza il conferimento del consenso dai genitori o da chi eserciti la potest\u00e0.<\/p>\n<p>&nbsp;<\/p>\n<p><strong>2) FINALIT\u00c0 E BASI GIURIDICHE DEL TRATTAMENTO\u00a0<\/strong><\/p>\n<p>Tratteremo i tuoi dati personali:<\/p>\n<p><strong>A)<\/strong>per adempiere ai nostri obblighi contrattuali; fornire una risposta alle tue richieste di informazioni; calcolare un preventivo che ci hai richiesto; dare esecuzione ai contratti di compravendita di prodotti o di incarico per l\u2019erogazione di servizi; garantirti l\u2019assistenza necessaria rispetto ai prodotti e servizi acquistati.<\/p>\n<p><strong>B)<\/strong>effettuare analisi statistiche aggregate su base anonima per migliorare\u00a0i nostri servizi;<\/p>\n<p><strong>C)<\/strong>per finalit\u00e0 amministrative e per l\u2019adempimento di obblighi di legge quali ad esempio quelli di natura contabile, fiscale, o per dar corso a richieste dell\u2019autorit\u00e0 giudiziaria.<\/p>\n<p><strong>D)<\/strong>nel caso di invio di curriculum vitae, esclusivamente per finalit\u00e0 di selezione.<\/p>\n<p>&nbsp;<\/p>\n<p><strong>3) IL CONFERIMENTO DEI DATI \u00c8 OBBLIGATORIO?\u00a0<\/strong><\/p>\n<p>Il conferimento dei tuoi dati \u00e8 sempre facoltativo, ma il loro eventuale mancato conferimento potrebbe rendere impossibile procedere con alcuni trattamenti, come quelli strettamente connessi all\u2019adempimento di un contratto o alla prestazione dei servizi che hai richiesto.<\/p>\n<p><strong>4) LUOGO, MODALIT\u00c0 DI TRATTAMENTO E TEMPI DI CONSERVAZIONE\u00a0<\/strong><\/p>\n<p>Il trattamento dei Suoi dati personali \u00e8 realizzato per mezzo delle operazioni indicate all\u2019art. 4 Codice Privacy e all\u2019art. 4 n. 2) GDPR e precisamente: raccolta, registrazione, organizzazione, conservazione, consultazione, elaborazione, modificazione, selezione, estrazione, raffronto, utilizzo, interconnessione, blocco,<br \/>comunicazione, cancellazione e distruzione dei dati.<\/p>\n<p>I tuoi dati personali sono conservati presso la sede del Titolare e sono sottoposti a trattamento sia cartaceo che elettronico e\/o automatizzato con logiche strettamente correlate alle finalit\u00e0 indicate e comunque in modo da garantire la sicurezza e la riservatezza dei dati stessi. I dati da te inviati non vengono salvati all\u2019interno del nostro sito web.<\/p>\n<p>Il Titolare tratter\u00e0 i dati personali per il tempo necessario per adempiere alle finalit\u00e0 di cui sopra e comunque per non oltre 10 anni dalla cessazione del rapporto per le Finalit\u00e0 al punto C e per non oltre 38 mesi dalla raccolta dei dati per le Finalit\u00e0 al punto B.<\/p>\n<p><strong>5) ACCESSO AI DATI<\/strong><\/p>\n<p>I tuoi dati potranno essere resi accessibili per le finalit\u00e0 indicate al punto 2:<\/p>\n<ul>\n<li>a dipendenti e collaboratori del Titolare, nella loro qualit\u00e0 di incaricati e\/o responsabili interni del trattamento e\/o amministratori di sistema;<\/li>\n<li>a societ\u00e0 terze o altri soggetti (provider sito web, cloud provider, provider servizio e-payment, fornitori, tecnici addetti all\u2019assistenza hardware e software, spedizionieri e vettori, istituti di credito, studi professionali, etc) che svolgono attivit\u00e0 in outsourcing per conto del Titolare, nella loro qualit\u00e0 di responsabili del trattamento.<\/li>\n<\/ul>\n<p>&nbsp;<\/p>\n<p><strong>6) TRASFERIMENTO DEI DATI<\/strong><\/p>\n<p>I dati non saranno diffusi, venduti o scambiati con soggetti diversi dal titolare, dai responsabili e dagli incaricati nominati senza il tuo consenso espresso ed esplicito.<\/p>\n<p><strong>7) I TUOI DIRITTI<\/strong><\/p>\n<p>Hai diritto di conoscere quali sono i tuoi dati personali oggetto di trattamento. In particolare, ti \u00e8 riconosciuto il diritto di accesso, rettifica, cancellazione nonch\u00e9 il diritto alla portabilit\u00e0 dei dati, il diritto di limitazione del trattamento e il diritto ad opporti al trattamento, se ce ne sono i presupposti.<\/p>\n<p>Di seguito ti forniamo una breve illustrazione dei diritti che ti sono riconosciuti con riferimento al trattamento dei tuoi dati personali.<\/p>\n<ul>\n<li>Il\u00a0<strong>diritto di accesso <\/strong>ti consente di ottenere conferma che sia o meno in corso un trattamento dei tuoi dati personali da parte del\u00a0 Titolare e, se del caso, accedere a tali dati e alle informazioni ad essi relative;<\/li>\n<li>Il\u00a0<strong>diritto di rettifica<\/strong>ti consente di ottenere la modifica dei dati personali inesatti che ti riguardano senza ingiustificato ritardo e, tenuto conto delle finalit\u00e0 del trattamento, di ottenere l\u2019integrazione dei dati personali incompleti;<\/li>\n<li>Il\u00a0<strong>diritto alla cancellazione <\/strong>ti consente di ottenere la cancellazione dei dati che ti riguardano senza ingiustificato ritardo (ad es. quando i tuoi dati personali non sono pi\u00f9 necessari in relazione alle finalit\u00e0 per cui sono stati raccolti), fatte salve le eccezioni previste dalla normativa applicabile (es. quando la conservazione dei tuoi dati \u00e8 necessaria per il rispetto di obblighi di legge applicabili al titolare del trattamento). La cancellazione verr\u00e0 effettuata nei tempi tecnici previsti;<\/li>\n<li>Il\u00a0<strong>diritto alla portabilit\u00e0 dei dati <\/strong>ti consente, in determinate circostanze previste dalla normativa applicabile, di ricevere in un formato strutturato, di uso comune e leggibile da dispositivo automatico i dati personali che ti riguardano che hai fornito. Potrai trasmettere questi dati ad un altro titolare del trattamento, semprech\u00e9 tale diritto le possa essere riconosciuto alla luce della normativa applicabile, e fatto salvo il caso in cui possa derivarne una lesione per i diritti e le libert\u00e0 altrui;<\/li>\n<li>Il\u00a0<strong>diritto alla limitazione del trattamento <\/strong>ti consente, in determinate circostanze previste dalla normativa applicabile, di ottenere la limitazione del trattamento dei tuoi dati personali. In tali casi il Titolare potr\u00e0 continuare a trattare i tuoi dati soltanto in alcuni casi, ad esempio per l\u2019esercizio del diritto di difesa o per tutelare i diritti di un\u2019altra persona fisica o giuridica;<\/li>\n<li>Il\u00a0<strong>diritto di opposizione al trattamento <\/strong>ti consente, in determinate circostanze previste dalla normativa applicabile, di opporti al trattamento dei tuoi dati personali a meno che sussistano prevalenti motivi legittimi, diritti o libert\u00e0 tali da consentire il Titolare di continuare il trattamento;<\/li>\n<\/ul>\n<p>Per ottenere maggiori informazioni sul trattamento dei tuoi dati personali o esercitare i tuoi diritti puoi contattarci all\u2019indirizzo e-mail villadefabris@villadefabris.it<\/p>\n<p>&nbsp;<\/p>\n<p><strong>8) MODIFICHE ALLA INFORMATIVA<\/strong><\/p>\n<p>La presente Informativa pu\u00f2 subire variazioni. Si consiglia, quindi, di controllare regolarmente questa Informativa e di riferirsi alla versione pi\u00f9 aggiornata.<\/p>\n<p>Ultimo aggiornamento:\u00a0<strong>Settembre 2022<\/strong><\/p>\n<p>\u00a0<\/p>\n\n\t\t<\/div>\n\t<\/div>\n<\/div><\/div><\/div><\/div><div id=\"cookie\" class=\"vc_row wpb_row vc_row-fluid\"><div class=\"wpb_column vc_column_container vc_col-sm-12\"><div class=\"vc_column-inner\"><div class=\"wpb_wrapper\">\n\t<div class=\"wpb_text_column wpb_content_element\" >\n\t\t<div class=\"wpb_wrapper\">\n\t\t\t<p>ELENCO COOKIE<\/p>\n<div><table class=\"cookielawinfo-row-cat-table cookielawinfo-classic\"><thead><tr><th class=\"cookielawinfo-column-1\">Cookie<\/th><th class=\"cookielawinfo-column-2\">Type<\/th><th class=\"cookielawinfo-column-3\">Duration<\/th><th class=\"cookielawinfo-column-4\">Description<\/th><\/tr><\/thead><tbody><tr class=\"cookielawinfo-row\"><td class=\"cookielawinfo-column-1\">cookielawinfo-checkbox-advertisement<\/td><td class=\"cookielawinfo-column-2\"><\/td><td class=\"cookielawinfo-column-3\">1 year<\/td><td class=\"cookielawinfo-column-4\">Impostato dal plugin GDPR Cookie Consent, questo cookie viene utilizzato per registrare il consenso dell'utente per i cookie nella categoria \"Pubblicit\u00e0\".<\/td><\/tr><tr class=\"cookielawinfo-row\"><td class=\"cookielawinfo-column-1\">cookielawinfo-checkbox-analytics<\/td><td class=\"cookielawinfo-column-2\">0<\/td><td class=\"cookielawinfo-column-3\">11 months<\/td><td class=\"cookielawinfo-column-4\">Questo cookie \u00e8 impostato dal plugin GDPR Cookie Consent. Il cookie viene utilizzato per memorizzare il consenso dell'utente per i cookie nella categoria \"Analisi\".<\/td><\/tr><tr class=\"cookielawinfo-row\"><td class=\"cookielawinfo-column-1\">cookielawinfo-checkbox-functional<\/td><td class=\"cookielawinfo-column-2\">0<\/td><td class=\"cookielawinfo-column-3\">11 months<\/td><td class=\"cookielawinfo-column-4\">Il cookie \u00e8 impostato dal cookie consenso GDPR per registrare il consenso dell'utente per i cookie nella categoria \"Funzionali\".<\/td><\/tr><tr class=\"cookielawinfo-row\"><td class=\"cookielawinfo-column-1\">cookielawinfo-checkbox-necessary<\/td><td class=\"cookielawinfo-column-2\">0<\/td><td class=\"cookielawinfo-column-3\">11 months<\/td><td class=\"cookielawinfo-column-4\">Questo cookie \u00e8 impostato dal plugin GDPR Cookie Consent. I cookie vengono utilizzati per memorizzare il consenso dell'utente per i cookie nella categoria \"Necessari\".<\/td><\/tr><tr class=\"cookielawinfo-row\"><td class=\"cookielawinfo-column-1\">cookielawinfo-checkbox-others<\/td><td class=\"cookielawinfo-column-2\">0<\/td><td class=\"cookielawinfo-column-3\">11 months<\/td><td class=\"cookielawinfo-column-4\">Questo cookie \u00e8 impostato dal plugin GDPR Cookie Consent. Il cookie viene utilizzato per memorizzare il consenso dell'utente per i cookie nella categoria \"Altro.<\/td><\/tr><tr class=\"cookielawinfo-row\"><td class=\"cookielawinfo-column-1\">cookielawinfo-checkbox-performance<\/td><td class=\"cookielawinfo-column-2\">0<\/td><td class=\"cookielawinfo-column-3\">11 months<\/td><td class=\"cookielawinfo-column-4\">Questo cookie \u00e8 impostato dal plugin GDPR Cookie Consent. Il cookie viene utilizzato per memorizzare il consenso dell'utente per i cookie nella categoria \"Prestazioni\".<\/td><\/tr><tr class=\"cookielawinfo-row\"><td class=\"cookielawinfo-column-1\">CookieLawInfoConsent<\/td><td class=\"cookielawinfo-column-2\"><\/td><td class=\"cookielawinfo-column-3\">1 year<\/td><td class=\"cookielawinfo-column-4\">Registra lo stato del pulsante predefinito della categoria corrispondente e lo stato del CCPA. Funziona solo in coordinamento con il cookie principale.<\/td><\/tr><tr class=\"cookielawinfo-row\"><td class=\"cookielawinfo-column-1\">viewed_cookie_policy<\/td><td class=\"cookielawinfo-column-2\">0<\/td><td class=\"cookielawinfo-column-3\">11 months<\/td><td class=\"cookielawinfo-column-4\">Il cookie \u00e8 impostato dal plugin GDPR Cookie Consent e viene utilizzato per memorizzare se l'utente ha acconsentito o meno all'uso dei cookie. Non memorizza alcun dato personale.<\/td><\/tr><\/tbody><\/table><\/div>\n\n\t\t<\/div>\n\t<\/div>\n<\/div><\/div><\/div><\/div>","protected":false},"excerpt":{"rendered":"INFORMATIVA AI SENSI DEGLI ART. 13-14 DEL GDPR (GENERAL DATA PROTECTION REGULATION) 2016\/679 Villa Marchese De\u2019 Fabris Titolare del Trattamento, ti informa che che i tuoi dati saranno trattati con le modalit\u00e0 e per le finalit\u00e0 di seguito indicate. Il Titolare si impegna a tutelare la privacy e la riservatezza dei Dati Personali nel rispetto&hellip;","protected":false},"author":1,"featured_media":0,"parent":0,"menu_order":0,"comment_status":"closed","ping_status":"open","template":"","meta":{"footnotes":""},"class_list":["post-3","page","type-page","status-publish","hentry","entry","no-media"],"yoast_head":"<!-- This site is optimized with the Yoast SEO plugin v21.9.1 - https:\/\/yoast.com\/wordpress\/plugins\/seo\/ -->\n<title>Privacy e Cookie policy - Villa De Fabris<\/title>\n<meta name=\"robots\" content=\"noindex, nofollow\" \/>\n<meta property=\"og:locale\" content=\"en_GB\" \/>\n<meta property=\"og:type\" content=\"article\" \/>\n<meta property=\"og:title\" content=\"Privacy e Cookie policy - Villa De Fabris\" \/>\n<meta property=\"og:url\" content=\"https:\/\/villadefabris.it\/en\/privacy-e-cookie-policy\/\" \/>\n<meta property=\"og:site_name\" content=\"Villa De Fabris\" \/>\n<meta property=\"article:modified_time\" content=\"2022-09-09T05:51:19+00:00\" \/>\n<meta name=\"twitter:card\" content=\"summary_large_image\" \/>\n<meta name=\"twitter:label1\" content=\"Estimated reading time\" \/>\n\t<meta name=\"twitter:data1\" content=\"6 minutes\" \/>\n<script type=\"application\/ld+json\" class=\"yoast-schema-graph\">{\"@context\":\"https:\/\/schema.org\",\"@graph\":[{\"@type\":\"WebPage\",\"@id\":\"https:\/\/villadefabris.it\/privacy-e-cookie-policy\/\",\"url\":\"https:\/\/villadefabris.it\/privacy-e-cookie-policy\/\",\"name\":\"Privacy e Cookie policy - Villa De Fabris\",\"isPartOf\":{\"@id\":\"https:\/\/villadefabris.it\/#website\"},\"datePublished\":\"2021-08-24T12:50:27+00:00\",\"dateModified\":\"2022-09-09T05:51:19+00:00\",\"breadcrumb\":{\"@id\":\"https:\/\/villadefabris.it\/privacy-e-cookie-policy\/#breadcrumb\"},\"inLanguage\":\"en-GB\",\"potentialAction\":[{\"@type\":\"ReadAction\",\"target\":[\"https:\/\/villadefabris.it\/privacy-e-cookie-policy\/\"]}]},{\"@type\":\"BreadcrumbList\",\"@id\":\"https:\/\/villadefabris.it\/privacy-e-cookie-policy\/#breadcrumb\",\"itemListElement\":[{\"@type\":\"ListItem\",\"position\":1,\"name\":\"Home\",\"item\":\"https:\/\/villadefabris.it\/\"},{\"@type\":\"ListItem\",\"position\":2,\"name\":\"Privacy e Cookie policy\"}]},{\"@type\":\"WebSite\",\"@id\":\"https:\/\/villadefabris.it\/#website\",\"url\":\"https:\/\/villadefabris.it\/\",\"name\":\"Villa De Fabris\",\"description\":\"\",\"publisher\":{\"@id\":\"https:\/\/villadefabris.it\/#organization\"},\"potentialAction\":[{\"@type\":\"SearchAction\",\"target\":{\"@type\":\"EntryPoint\",\"urlTemplate\":\"https:\/\/villadefabris.it\/?s={search_term_string}\"},\"query-input\":\"required name=search_term_string\"}],\"inLanguage\":\"en-GB\"},{\"@type\":\"Organization\",\"@id\":\"https:\/\/villadefabris.it\/#organization\",\"name\":\"Villa De Fabris\",\"url\":\"https:\/\/villadefabris.it\/\",\"logo\":{\"@type\":\"ImageObject\",\"inLanguage\":\"en-GB\",\"@id\":\"https:\/\/villadefabris.it\/#\/schema\/logo\/image\/\",\"url\":\"https:\/\/villadefabris.it\/wp-content\/uploads\/2022\/08\/villa-marchese-de-fabris-logo-nero.png\",\"contentUrl\":\"https:\/\/villadefabris.it\/wp-content\/uploads\/2022\/08\/villa-marchese-de-fabris-logo-nero.png\",\"width\":292,\"height\":52,\"caption\":\"Villa De Fabris\"},\"image\":{\"@id\":\"https:\/\/villadefabris.it\/#\/schema\/logo\/image\/\"}}]}<\/script>\n<!-- \/ Yoast SEO plugin. -->","yoast_head_json":{"title":"Privacy e Cookie policy - Villa De Fabris","robots":{"index":"noindex","follow":"nofollow"},"og_locale":"en_GB","og_type":"article","og_title":"Privacy e Cookie policy - Villa De Fabris","og_url":"https:\/\/villadefabris.it\/en\/privacy-e-cookie-policy\/","og_site_name":"Villa De Fabris","article_modified_time":"2022-09-09T05:51:19+00:00","twitter_card":"summary_large_image","twitter_misc":{"Estimated reading time":"6 minutes"},"schema":{"@context":"https:\/\/schema.org","@graph":[{"@type":"WebPage","@id":"https:\/\/villadefabris.it\/privacy-e-cookie-policy\/","url":"https:\/\/villadefabris.it\/privacy-e-cookie-policy\/","name":"Privacy e Cookie policy - Villa De Fabris","isPartOf":{"@id":"https:\/\/villadefabris.it\/#website"},"datePublished":"2021-08-24T12:50:27+00:00","dateModified":"2022-09-09T05:51:19+00:00","breadcrumb":{"@id":"https:\/\/villadefabris.it\/privacy-e-cookie-policy\/#breadcrumb"},"inLanguage":"en-GB","potentialAction":[{"@type":"ReadAction","target":["https:\/\/villadefabris.it\/privacy-e-cookie-policy\/"]}]},{"@type":"BreadcrumbList","@id":"https:\/\/villadefabris.it\/privacy-e-cookie-policy\/#breadcrumb","itemListElement":[{"@type":"ListItem","position":1,"name":"Home","item":"https:\/\/villadefabris.it\/"},{"@type":"ListItem","position":2,"name":"Privacy e Cookie policy"}]},{"@type":"WebSite","@id":"https:\/\/villadefabris.it\/#website","url":"https:\/\/villadefabris.it\/","name":"Villa De Fabris","description":"","publisher":{"@id":"https:\/\/villadefabris.it\/#organization"},"potentialAction":[{"@type":"SearchAction","target":{"@type":"EntryPoint","urlTemplate":"https:\/\/villadefabris.it\/?s={search_term_string}"},"query-input":"required name=search_term_string"}],"inLanguage":"en-GB"},{"@type":"Organization","@id":"https:\/\/villadefabris.it\/#organization","name":"Villa De Fabris","url":"https:\/\/villadefabris.it\/","logo":{"@type":"ImageObject","inLanguage":"en-GB","@id":"https:\/\/villadefabris.it\/#\/schema\/logo\/image\/","url":"https:\/\/villadefabris.it\/wp-content\/uploads\/2022\/08\/villa-marchese-de-fabris-logo-nero.png","contentUrl":"https:\/\/villadefabris.it\/wp-content\/uploads\/2022\/08\/villa-marchese-de-fabris-logo-nero.png","width":292,"height":52,"caption":"Villa De Fabris"},"image":{"@id":"https:\/\/villadefabris.it\/#\/schema\/logo\/image\/"}}]}},"_links":{"self":[{"href":"https:\/\/villadefabris.it\/en\/wp-json\/wp\/v2\/pages\/3","targetHints":{"allow":["GET"]}}],"collection":[{"href":"https:\/\/villadefabris.it\/en\/wp-json\/wp\/v2\/pages"}],"about":[{"href":"https:\/\/villadefabris.it\/en\/wp-json\/wp\/v2\/types\/page"}],"author":[{"embeddable":true,"href":"https:\/\/villadefabris.it\/en\/wp-json\/wp\/v2\/users\/1"}],"replies":[{"embeddable":true,"href":"https:\/\/villadefabris.it\/en\/wp-json\/wp\/v2\/comments?post=3"}],"version-history":[{"count":3,"href":"https:\/\/villadefabris.it\/en\/wp-json\/wp\/v2\/pages\/3\/revisions"}],"predecessor-version":[{"id":630,"href":"https:\/\/villadefabris.it\/en\/wp-json\/wp\/v2\/pages\/3\/revisions\/630"}],"wp:attachment":[{"href":"https:\/\/villadefabris.it\/en\/wp-json\/wp\/v2\/media?parent=3"}],"curies":[{"name":"wp","href":"https:\/\/api.w.org\/{rel}","templated":true}]}}